{"id":248,"date":"2025-01-13T13:09:53","date_gmt":"2025-01-13T12:09:53","guid":{"rendered":"https:\/\/xn--arbetstimmarpermnad-gxb.se\/?page_id=248"},"modified":"2025-01-13T13:09:53","modified_gmt":"2025-01-13T12:09:53","slug":"arbetstimmar-per-manad-2026","status":"publish","type":"page","link":"https:\/\/xn--arbetstimmarpermnad-gxb.se\/nb\/","title":{"rendered":"Arbetstimmar per m\u00e5nad 2026"},"content":{"rendered":"<table id=\"tablepress-8\" class=\"tablepress tablepress-id-8 tablepress-responsive\">\n<thead>\n<tr class=\"row-1\">\n\t<th class=\"column-1\">M\u00e5ned<\/th><th class=\"column-2\">Arbeidsdager<\/th><th class=\"column-3\">Arbeidstid<\/th><th class=\"column-4\">L\u00f8r &amp; S\u00f8n.<\/th><th class=\"column-5\">Andre<\/th>\n<\/tr>\n<\/thead>\n<tbody class=\"row-striping row-hover\">\n<tr class=\"row-2\">\n\t<td class=\"column-1\">januar<\/td><td class=\"column-2\">21<\/td><td class=\"column-3\">168<\/td><td class=\"column-4\">9<\/td><td class=\"column-5\">1<\/td>\n<\/tr>\n<tr class=\"row-3\">\n\t<td class=\"column-1\">februar<\/td><td class=\"column-2\">20<\/td><td class=\"column-3\">160<\/td><td class=\"column-4\">8<\/td><td class=\"column-5\">0<\/td>\n<\/tr>\n<tr class=\"row-4\">\n\t<td class=\"column-1\">mars<\/td><td class=\"column-2\">22<\/td><td class=\"column-3\">176<\/td><td class=\"column-4\">9<\/td><td class=\"column-5\">0<\/td>\n<\/tr>\n<tr class=\"row-5\">\n\t<td class=\"column-1\">april<\/td><td class=\"column-2\">20<\/td><td class=\"column-3\">160<\/td><td class=\"column-4\">9<\/td><td class=\"column-5\">3<\/td>\n<\/tr>\n<tr class=\"row-6\">\n\t<td class=\"column-1\">Kan<\/td><td class=\"column-2\">21<\/td><td class=\"column-3\">168<\/td><td class=\"column-4\">10<\/td><td class=\"column-5\">2<\/td>\n<\/tr>\n<tr class=\"row-7\">\n\t<td class=\"column-1\">juni<\/td><td class=\"column-2\">19<\/td><td class=\"column-3\">152<\/td><td class=\"column-4\">8<\/td><td class=\"column-5\">3<\/td>\n<\/tr>\n<tr class=\"row-8\">\n\t<td class=\"column-1\">juli<\/td><td class=\"column-2\">21<\/td><td class=\"column-3\">168<\/td><td class=\"column-4\">10<\/td><td class=\"column-5\">0<\/td>\n<\/tr>\n<tr class=\"row-9\">\n\t<td class=\"column-1\">august<\/td><td class=\"column-2\">22<\/td><td class=\"column-3\">176<\/td><td class=\"column-4\">9<\/td><td class=\"column-5\">0<\/td>\n<\/tr>\n<tr class=\"row-10\">\n\t<td class=\"column-1\">september<\/td><td class=\"column-2\">21<\/td><td class=\"column-3\">168<\/td><td class=\"column-4\">9<\/td><td class=\"column-5\">0<\/td>\n<\/tr>\n<tr class=\"row-11\">\n\t<td class=\"column-1\">oktober<\/td><td class=\"column-2\">22<\/td><td class=\"column-3\">176<\/td><td class=\"column-4\">9<\/td><td class=\"column-5\">0<\/td>\n<\/tr>\n<tr class=\"row-12\">\n\t<td class=\"column-1\">november<\/td><td class=\"column-2\">20<\/td><td class=\"column-3\">160<\/td><td class=\"column-4\">10<\/td><td class=\"column-5\">0<\/td>\n<\/tr>\n<tr class=\"row-13\">\n\t<td class=\"column-1\">desember<\/td><td class=\"column-2\">20<\/td><td class=\"column-3\">160<\/td><td class=\"column-4\">11<\/td><td class=\"column-5\">3<\/td>\n<\/tr>\n<tr class=\"row-14\">\n\t<td class=\"column-1\"><strong>Total \u00e5rlig arbeidstid<\/strong><\/td><td class=\"column-2\"><strong>249<\/strong><\/td><td class=\"column-3\"><strong>1992<\/strong><\/td><td class=\"column-4\"><strong>111<\/strong><\/td><td class=\"column-5\"><strong>12<\/strong><\/td>\n<\/tr>\n<\/tbody>\n<tfoot>\n<tr class=\"row-15\">\n\t<th class=\"column-1\">Gjennomsnitt \/ m\u00e5ned<\/th><th class=\"column-2\">20.75<\/th><th class=\"column-3\">166<\/th><th class=\"column-4\">9.25<\/th><th class=\"column-5\">1<\/th>\n<\/tr>\n<\/tfoot>\n<\/table>\n\n<style>.wp-show-posts-columns#wpsp-113 {margin-left: -2em; }.wp-show-posts-columns#wpsp-113 .wp-show-posts-inner {margin: 0 0 2em 2em; }<\/style><section id=\"wpsp-113\" class=\"wp-show-posts\" style=\"\"><article class=\"wp-show-posts-single wpsp-clearfix post-157 post type-post status-publish format-standard hentry category-dagar\" itemtype=\"http:\/\/schema.org\/CreativeWork\" itemscope><div class=\"wp-show-posts-inner\" style=\"\">\t\t\t\t\t\t<header class=\"wp-show-posts-entry-header\">\n\t\t\t\t\t\t\t<h2 class=\"wp-show-posts-entry-title\" itemprop=\"headline\"><a href=\"https:\/\/xn--arbetstimmarpermnad-gxb.se\/nb\/sveriges-nasjonaldag\/\" rel=\"bookmark\">Sveriges nasjonaldag<\/a><\/h2>\t\t\t\t\t\t<\/header><!-- .entry-header -->\n\t\t\t\t\t\t\t\t\t\t\t<div class=\"wp-show-posts-entry-content\" itemprop=\"text\">\n\t\t\t\t\t\t\t<h1 class=\"western\" align=\"JUSTIFY\"><img loading=\"lazy\" decoding=\"async\" class=\"aligncenter size-full wp-image-158\" src=\"https:\/\/xn--arbetstimmarpermnad-gxb.se\/wp-content\/uploads\/2022\/04\/sveriges-nationaldag.jpg\" alt=\"Sveriges nasjonaldag\" width=\"600\" height=\"400\" srcset=\"https:\/\/xn--arbetstimmarpermnad-gxb.se\/wp-content\/uploads\/2022\/04\/sveriges-nationaldag.jpg 600w, https:\/\/xn--arbetstimmarpermnad-gxb.se\/wp-content\/uploads\/2022\/04\/sveriges-nationaldag-300x200.jpg 300w\" sizes=\"auto, (max-width: 600px) 100vw, 600px\" \/>Sveriges nasjonaldag<\/h1>\n<p align=\"JUSTIFY\">Til tross for sin helt spesielle posisjon har ikke Sveriges nasjonaldag faktisk v\u00e6rt en h\u00f8ytid p\u00e5 veldig lenge. Men samtidig har den sine aner som strekker seg flere hundre \u00e5r tilbake i tid. Hvordan den feires varierer derimot veldig mellom ulike steder i Sverige, og p\u00e5 en m\u00e5te er dens eksistens fortsatt kontroversiell.<\/p>\n<p align=\"JUSTIFY\">Vi har tatt et dypdykk i Sveriges nasjonaldag.<\/p>\n<h2 class=\"western\" align=\"JUSTIFY\">Gamle Sverige men moderne tradisjon<\/h2>\n<p align=\"JUSTIFY\">Internasjonalt er Sverige et av de landene som har v\u00e6rt forent lengst. Det er faktisk et av de eldste konged\u00f8mmene i verden. Men til tross for dette er Sveriges nasjonaldag et ganske nytt fenomen. Det var f\u00f8rst p\u00e5 slutten av 1800-tallet at det ble besluttet \u00e5 feire Sverige som et forent rike.<\/p>\n<p align=\"JUSTIFY\">Dagens historie er interessant nok n\u00e6rt knyttet til Skansen. Tanken med Skansen har alltid v\u00e6rt \u00e5 representere en slags levende miniatyr av Sverige, noe som betyr at det helt fra starten var en id\u00e9 om \u00e5 fokusere p\u00e5 Sverige som nasjonalstat.<\/p>\n<p align=\"JUSTIFY\">Da det i 1893 ble besluttet \u00e5 feire Sverige, ble det besluttet \u00e5 gi tilbakemelding til 6. juni 1523 da Gusta Vasa ble konge og ogs\u00e5 et symbol p\u00e5 et samlet Sverige.<\/p>\n<h2 class=\"western\" align=\"JUSTIFY\">En ganske ny h\u00f8ytid<\/h2>\n<p align=\"JUSTIFY\">Selv om feiringen av Sveriges nasjonaldag n\u00e5 strekker seg mer enn hundre \u00e5r tilbake i tid, var det f\u00f8rst i 2005 at det ble en helligdag. Det gj\u00f8r dagen til et spennende og b\u00e5de nytt og gammelt fenomen.<\/p>\n<p align=\"JUSTIFY\">Feiringen varierer veldig mellom ulike steder i Sverige. Men som flaggdag er det gitt \u00e5 heise det svenske flagget. I motsetning til andre h\u00f8ytider finnes det egentlig ingen egentlig mal for hvordan nasjonaldagen skal feires. S\u00e6rlig Skansen fortsetter \u00e5 v\u00e6re en fellesnevner og det er ogs\u00e5 her en stor del av feiringen faktisk finner sted. Hvorvidt dagen vil f\u00e5 st\u00f8rre bred folkelig oppslutning, er imidlertid fortsatt uklart.<\/p>\n<div class=\"ast-oembed-container\" style=\"height: 100%;\"><iframe loading=\"lazy\" title=\"Skansen forteller \u2013 Hvorfor feirer vi Sveriges nasjonaldag 6. juni?\" width=\"500\" height=\"281\" src=\"https:\/\/www.youtube.com\/embed\/7SdIPuWMo_k?feature=oembed\" frameborder=\"0\" allow=\"accelerometer; autoplay; clipboard-write; encrypted-media; gyroscope; picture-in-picture; web-share\" referrerpolicy=\"strict-origin-when-cross-origin\" allowfullscreen><\/iframe><\/div>\n\t\t\t\t\t\t<\/div><!-- .entry-content -->\n\t\t\t\t\t<div class=\"wpsp-read-more\"><a title=\"Sveriges nasjonaldag\" class=\"wp-show-posts-read-more\" href=\"https:\/\/xn--arbetstimmarpermnad-gxb.se\/nb\/sveriges-nasjonaldag\/\">Les mer...<\/a><\/div><\/div><!-- wp-show-posts-inner --><div class=\"wpsp-clear\"><\/div><\/article><article class=\"wp-show-posts-single wpsp-clearfix post-135 post type-post status-publish format-standard hentry category-dagar\" itemtype=\"http:\/\/schema.org\/CreativeWork\" itemscope><div class=\"wp-show-posts-inner\" style=\"\">\t\t\t\t\t\t<header class=\"wp-show-posts-entry-header\">\n\t\t\t\t\t\t\t<h2 class=\"wp-show-posts-entry-title\" itemprop=\"headline\"><a href=\"https:\/\/xn--arbetstimmarpermnad-gxb.se\/nb\/forsta-maj\/\" rel=\"bookmark\">1. mai<\/a><\/h2>\t\t\t\t\t\t<\/header><!-- .entry-header -->\n\t\t\t\t\t\t\t\t\t\t\t<div class=\"wp-show-posts-entry-content\" itemprop=\"text\">\n\t\t\t\t\t\t\t<h1 class=\"western\" align=\"JUSTIFY\"><img loading=\"lazy\" decoding=\"async\" class=\"aligncenter size-full wp-image-136\" src=\"https:\/\/xn--arbetstimmarpermnad-gxb.se\/wp-content\/uploads\/2022\/04\/forsta-maj.jpg\" alt=\"F\u00f8rste mai - 1 mai\" width=\"732\" height=\"135\" srcset=\"https:\/\/xn--arbetstimmarpermnad-gxb.se\/wp-content\/uploads\/2022\/04\/forsta-maj.jpg 732w, https:\/\/xn--arbetstimmarpermnad-gxb.se\/wp-content\/uploads\/2022\/04\/forsta-maj-300x55.jpg 300w\" sizes=\"auto, (max-width: 732px) 100vw, 732px\" \/>1. mai<\/h1>\n<p align=\"JUSTIFY\">1. mai har siden slutten av 1800-tallet v\u00e6rt en av arbeiderbevegelsens viktigste tilbakevendende h\u00f8ytider og begivenheter. Dens historie er n\u00e6rt knyttet til sosialismens fremvekst i Europa og har hatt et meget sterkt grep, ikke minst i Sverige.<\/p>\n<p align=\"JUSTIFY\">Men hva handler f\u00f8rste mai egentlig om?<\/p>\n<h2 class=\"western\" align=\"JUSTIFY\">Arbeiderbevegelsens vekst<\/h2>\n<p align=\"JUSTIFY\">Til tross for at USA n\u00e5 hovedsakelig assosieres med det frie markedet, er det faktisk derfra f\u00f8rste mai stammer. Selv om ideen om \u00e5 organisere verk har en mye lengre historie, tror de fleste at modellen er en beslutning tatt i 1884 i USA. American Labour Movement Federation of Labor (AFL) besluttet \u00e5 kreve en vid begrensning av arbeidsdagen til \u00e5tte timer.<\/p>\n<p>Den andre internasjonale var en organisasjon dannet i Paris for \u00e5 markere en slags symbolsk forlengelse av den franske revolusjonen, samtidig som den slo et slag for rettighetene til fremtidige arbeidere. Dannelsen deres i 1889 blir ogs\u00e5 vanligvis sett p\u00e5 som en slags begynnelse p\u00e5 den f\u00f8rste kornstillingen som en offisiell helligdag.<\/p>\n<p>Arbeiderbevegelsen har siden v\u00e6rt en desentralisert sosial bevegelse med fokus p\u00e5 \u00e5 forbedre arbeidernes rettigheter. Begrepet er bredt og omfatter b\u00e5de organiserte fagforeninger og enkeltmenneskers ambisjoner og uttrykk. Arbeiderbevegelsen har v\u00e6rt aktiv i mange land gjennom historien, men den har v\u00e6rt mest vellykket i vestlige industriland. Arbeiderbevegelsen er ofte forbundet med sosialistiske og kommunistiske politiske partier og organisasjoner, men den er ikke n\u00f8dvendigvis knyttet til noen spesiell ideologi.<\/p>\n<h2 class=\"western\">F\u00f8rste maitog<\/h2>\n<p>Et spesielt symbol for f\u00f8rste mai er det f\u00f8rste maitoget som g\u00e5r hvert \u00e5r i flere land. Ikke minst i Sverige har den hatt en meget sterk posisjon. Sangen Internationalen er mange steder togets mer eller mindre offisielle kjenningsmelodi. Selv om toget er vanlig, har de fortsatt en kontroversiell posisjon i mange deler av verden hvor arbeiderbevegelsen enn\u00e5 ikke er akseptert.<\/p>\n<p align=\"JUSTIFY\">\n\t\t\t\t\t\t<\/div><!-- .entry-content -->\n\t\t\t\t\t<div class=\"wpsp-read-more\"><a title=\"1. mai\" class=\"wp-show-posts-read-more\" href=\"https:\/\/xn--arbetstimmarpermnad-gxb.se\/nb\/forsta-maj\/\">Les mer...<\/a><\/div><\/div><!-- wp-show-posts-inner --><div class=\"wpsp-clear\"><\/div><\/article><\/section><!-- .wp-show-posts -->","protected":false},"excerpt":{"rendered":"","protected":false},"author":1,"featured_media":0,"parent":0,"menu_order":0,"comment_status":"closed","ping_status":"closed","template":"","meta":{"site-sidebar-layout":"default","site-content-layout":"default","ast-site-content-layout":"","site-content-style":"default","site-sidebar-style":"default","ast-global-header-display":"","ast-banner-title-visibility":"","ast-main-header-display":"","ast-hfb-above-header-display":"","ast-hfb-below-header-display":"","ast-hfb-mobile-header-display":"","site-post-title":"","ast-breadcrumbs-content":"","ast-featured-img":"","footer-sml-layout":"","theme-transparent-header-meta":"default","adv-header-id-meta":"","stick-header-meta":"","header-above-stick-meta":"","header-main-stick-meta":"","header-below-stick-meta":"","astra-migrate-meta-layouts":"default","ast-page-background-enabled":"default","ast-page-background-meta":{"desktop":{"background-color":"var(--ast-global-color-4)","background-image":"","background-repeat":"repeat","background-position":"center center","background-size":"auto","background-attachment":"scroll","background-type":"","background-media":"","overlay-type":"","overlay-color":"","overlay-opacity":"","overlay-gradient":""},"tablet":{"background-color":"","background-image":"","background-repeat":"repeat","background-position":"center center","background-size":"auto","background-attachment":"scroll","background-type":"","background-media":"","overlay-type":"","overlay-color":"","overlay-opacity":"","overlay-gradient":""},"mobile":{"background-color":"","background-image":"","background-repeat":"repeat","background-position":"center center","background-size":"auto","background-attachment":"scroll","background-type":"","background-media":"","overlay-type":"","overlay-color":"","overlay-opacity":"","overlay-gradient":""}},"ast-content-background-meta":{"desktop":{"background-color":"var(--ast-global-color-5)","background-image":"","background-repeat":"repeat","background-position":"center center","background-size":"auto","background-attachment":"scroll","background-type":"","background-media":"","overlay-type":"","overlay-color":"","overlay-opacity":"","overlay-gradient":""},"tablet":{"background-color":"var(--ast-global-color-5)","background-image":"","background-repeat":"repeat","background-position":"center center","background-size":"auto","background-attachment":"scroll","background-type":"","background-media":"","overlay-type":"","overlay-color":"","overlay-opacity":"","overlay-gradient":""},"mobile":{"background-color":"var(--ast-global-color-5)","background-image":"","background-repeat":"repeat","background-position":"center center","background-size":"auto","background-attachment":"scroll","background-type":"","background-media":"","overlay-type":"","overlay-color":"","overlay-opacity":"","overlay-gradient":""}},"footnotes":""},"class_list":["post-248","page","type-page","status-publish","hentry"],"_links":{"self":[{"href":"https:\/\/xn--arbetstimmarpermnad-gxb.se\/nb\/wp-json\/wp\/v2\/pages\/248","targetHints":{"allow":["GET"]}}],"collection":[{"href":"https:\/\/xn--arbetstimmarpermnad-gxb.se\/nb\/wp-json\/wp\/v2\/pages"}],"about":[{"href":"https:\/\/xn--arbetstimmarpermnad-gxb.se\/nb\/wp-json\/wp\/v2\/types\/page"}],"author":[{"embeddable":true,"href":"https:\/\/xn--arbetstimmarpermnad-gxb.se\/nb\/wp-json\/wp\/v2\/users\/1"}],"replies":[{"embeddable":true,"href":"https:\/\/xn--arbetstimmarpermnad-gxb.se\/nb\/wp-json\/wp\/v2\/comments?post=248"}],"version-history":[{"count":1,"href":"https:\/\/xn--arbetstimmarpermnad-gxb.se\/nb\/wp-json\/wp\/v2\/pages\/248\/revisions"}],"predecessor-version":[{"id":250,"href":"https:\/\/xn--arbetstimmarpermnad-gxb.se\/nb\/wp-json\/wp\/v2\/pages\/248\/revisions\/250"}],"wp:attachment":[{"href":"https:\/\/xn--arbetstimmarpermnad-gxb.se\/nb\/wp-json\/wp\/v2\/media?parent=248"}],"curies":[{"name":"wp","href":"https:\/\/api.w.org\/{rel}","templated":true}]}}